{"id":14800,"date":"2025-08-06T14:13:57","date_gmt":"2025-08-06T13:13:57","guid":{"rendered":"https:\/\/tica.nl\/pw-offices\/"},"modified":"2025-08-27T07:59:36","modified_gmt":"2025-08-27T06:59:36","slug":"pw-offices","status":"publish","type":"page","link":"https:\/\/tica.nl\/fr\/pw-offices\/","title":{"rendered":"PW Offices"},"content":{"rendered":"\t\t<div data-elementor-type=\"wp-page\" data-elementor-id=\"14800\" class=\"elementor elementor-14800 elementor-10478\" data-elementor-post-type=\"page\">\n\t\t\t\t<div class=\"elementor-element elementor-element-4023981 e-flex e-con-boxed e-con e-parent\" data-id=\"4023981\" data-element_type=\"container\" data-e-type=\"container\">\n\t\t\t\t\t<div class=\"e-con-inner\">\n\t\t<div class=\"elementor-element elementor-element-71b818a e-con-full e-flex e-con e-child\" data-id=\"71b818a\" data-element_type=\"container\" data-e-type=\"container\">\n\t\t<div class=\"elementor-element elementor-element-6e7ff2b e-con-full e-flex e-con e-child\" data-id=\"6e7ff2b\" data-element_type=\"container\" data-e-type=\"container\">\n\t\t\t\t<div class=\"elementor-element elementor-element-c2df49b elementor-invisible elementor-widget elementor-widget-heading\" data-id=\"c2df49b\" data-element_type=\"widget\" data-e-type=\"widget\" data-settings=\"{&quot;_animation&quot;:&quot;fadeInUp&quot;}\" data-widget_type=\"heading.default\">\n\t\t\t\t<div class=\"elementor-widget-container\">\n\t\t\t\t\t<h1 class=\"elementor-heading-title elementor-size-default\">PW Offices<\/h1>\t\t\t\t<\/div>\n\t\t\t\t<\/div>\n\t\t\t\t<div class=\"elementor-element elementor-element-61f11b9 elementor-widget-divider--view-line elementor-invisible elementor-widget elementor-widget-divider\" data-id=\"61f11b9\" data-element_type=\"widget\" data-e-type=\"widget\" data-settings=\"{&quot;_animation&quot;:&quot;fadeInUp&quot;,&quot;_animation_delay&quot;:300}\" data-widget_type=\"divider.default\">\n\t\t\t\t<div class=\"elementor-widget-container\">\n\t\t\t\t\t\t\t<div class=\"elementor-divider\">\n\t\t\t<span class=\"elementor-divider-separator\">\n\t\t\t\t\t\t<\/span>\n\t\t<\/div>\n\t\t\t\t\t\t<\/div>\n\t\t\t\t<\/div>\n\t\t\t\t<\/div>\n\t\t\t\t<\/div>\n\t\t\t\t\t<\/div>\n\t\t\t\t<\/div>\n\t\t<div class=\"elementor-element elementor-element-418c159 e-con-full e-flex e-con e-parent\" data-id=\"418c159\" data-element_type=\"container\" data-e-type=\"container\">\n\t\t<div class=\"elementor-element elementor-element-8440996 e-con-full e-flex e-con e-child\" data-id=\"8440996\" data-element_type=\"container\" data-e-type=\"container\">\n\t\t<div class=\"elementor-element elementor-element-90acf2e e-con-full e-flex e-con e-child\" data-id=\"90acf2e\" data-element_type=\"container\" data-e-type=\"container\">\n\t\t\t\t<div class=\"elementor-element elementor-element-1e2cb41 elementor-invisible elementor-widget elementor-widget-heading\" data-id=\"1e2cb41\" data-element_type=\"widget\" data-e-type=\"widget\" data-settings=\"{&quot;_animation&quot;:&quot;fadeInUp&quot;}\" data-widget_type=\"heading.default\">\n\t\t\t\t<div class=\"elementor-widget-container\">\n\t\t\t\t\t<h2 class=\"elementor-heading-title elementor-size-default\">PW Offices<\/h2>\t\t\t\t<\/div>\n\t\t\t\t<\/div>\n\t\t\t\t<div class=\"elementor-element elementor-element-23fa1cc elementor-invisible elementor-widget elementor-widget-heading\" data-id=\"23fa1cc\" data-element_type=\"widget\" data-e-type=\"widget\" data-settings=\"{&quot;_animation&quot;:&quot;fadeInUp&quot;}\" data-widget_type=\"heading.default\">\n\t\t\t\t<div class=\"elementor-widget-container\">\n\t\t\t\t\t<h3 class=\"elementor-heading-title elementor-size-default\">Des concepts remarquables de r\u00e9union, de congr\u00e8s et de bureaux dans la r\u00e9gion de la Randstad<\/h3>\t\t\t\t<\/div>\n\t\t\t\t<\/div>\n\t\t\t\t<div class=\"elementor-element elementor-element-b9de806 elementor-invisible elementor-widget elementor-widget-text-editor\" data-id=\"b9de806\" data-element_type=\"widget\" data-e-type=\"widget\" data-settings=\"{&quot;_animation&quot;:&quot;fadeInUp&quot;,&quot;_animation_delay&quot;:200}\" data-widget_type=\"text-editor.default\">\n\t\t\t\t<div class=\"elementor-widget-container\">\n\t\t\t\t\t\t\t\t\t<p data-start=\"52\" data-end=\"175\">PW Offices propose des centres de r\u00e9union et de congr\u00e8s haut de gamme sur 3 sites aux Pays-Bas. Sur les sites de La Haye, De Meern et Utrecht, nous proposons, \u00e0 travers notre concept Gardens Business Centre, des bureaux individuels et des espaces de travail flexibles avec services complets dans un environnement professionnel moderne. <\/p>\t\t\t\t\t\t\t\t<\/div>\n\t\t\t\t<\/div>\n\t\t\t\t<\/div>\n\t\t\t\t<\/div>\n\t\t<div data-dce-background-image-url=\"https:\/\/tica.nl\/wp-content\/uploads\/2025\/08\/TICA_PW-Offices.png.webp\" class=\"elementor-element elementor-element-ad80c14 e-con-full e-flex elementor-invisible e-con e-child\" data-id=\"ad80c14\" data-element_type=\"container\" data-e-type=\"container\" data-settings=\"{&quot;animation&quot;:&quot;fadeIn&quot;,&quot;animation_delay&quot;:300,&quot;background_background&quot;:&quot;classic&quot;}\">\n\t\t\t\t<\/div>\n\t\t\t\t<\/div>\n\t\t<div class=\"elementor-element elementor-element-0e95cf0 e-flex e-con-boxed e-con e-parent\" data-id=\"0e95cf0\" data-element_type=\"container\" data-e-type=\"container\">\n\t\t\t\t\t<div class=\"e-con-inner\">\n\t\t<div class=\"elementor-element elementor-element-c9017c0 e-con-full e-flex e-con e-child\" data-id=\"c9017c0\" data-element_type=\"container\" data-e-type=\"container\">\n\t\t\t\t<div class=\"elementor-element elementor-element-b6821e6 elementor-widget elementor-widget-heading\" data-id=\"b6821e6\" data-element_type=\"widget\" data-e-type=\"widget\" data-widget_type=\"heading.default\">\n\t\t\t\t<div class=\"elementor-widget-container\">\n\t\t\t\t\t<h3 class=\"elementor-heading-title elementor-size-default\">The Hague Conference Centre<\/h3>\t\t\t\t<\/div>\n\t\t\t\t<\/div>\n\t\t\t\t<div class=\"elementor-element elementor-element-7b30d50 elementor-widget elementor-widget-text-editor\" data-id=\"7b30d50\" data-element_type=\"widget\" data-e-type=\"widget\" data-widget_type=\"text-editor.default\">\n\t\t\t\t<div class=\"elementor-widget-container\">\n\t\t\t\t\t\t\t\t\t<p>The Hague Conference Centre repr\u00e9sente l&rsquo;hospitalit\u00e9 internationale, une restauration luxueuse et des installations contemporaines du plus haut niveau. Les 20 salles, pouvant accueillir de 20 \u00e0 650 personnes, sont exceptionnellement bien accessibles : situ\u00e9es \u00e0 proximit\u00e9 de la gare centrale de La Haye et facilement accessibles en voiture avec un parking suffisant. <\/p>\t\t\t\t\t\t\t\t<\/div>\n\t\t\t\t<\/div>\n\t\t\t\t<div class=\"elementor-element elementor-element-e265786 elementor-widget elementor-widget-button\" data-id=\"e265786\" data-element_type=\"widget\" data-e-type=\"widget\" data-widget_type=\"button.default\">\n\t\t\t\t<div class=\"elementor-widget-container\">\n\t\t\t\t\t\t\t\t\t<div class=\"elementor-button-wrapper\">\n\t\t\t\t\t<a class=\"elementor-button elementor-button-link elementor-size-sm\" href=\"https:\/\/thehagueconferencecentre.nl\/\" target=\"_blank\" rel=\"noopener\">\n\t\t\t\t\t\t<span class=\"elementor-button-content-wrapper\">\n\t\t\t\t\t\t\t\t\t<span class=\"elementor-button-text\">Plus d'informations<\/span>\n\t\t\t\t\t<\/span>\n\t\t\t\t\t<\/a>\n\t\t\t\t<\/div>\n\t\t\t\t\t\t\t\t<\/div>\n\t\t\t\t<\/div>\n\t\t\t\t<\/div>\n\t\t<div class=\"elementor-element elementor-element-628cf9b e-con-full e-flex e-con e-child\" data-id=\"628cf9b\" data-element_type=\"container\" data-e-type=\"container\">\n\t\t\t\t<div class=\"elementor-element elementor-element-69e738a elementor-widget elementor-widget-heading\" data-id=\"69e738a\" data-element_type=\"widget\" data-e-type=\"widget\" data-widget_type=\"heading.default\">\n\t\t\t\t<div class=\"elementor-widget-container\">\n\t\t\t\t\t<h3 class=\"elementor-heading-title elementor-size-default\">Gardens Business Centre New Babylon<\/h3>\t\t\t\t<\/div>\n\t\t\t\t<\/div>\n\t\t\t\t<div class=\"elementor-element elementor-element-941d4d3 elementor-widget elementor-widget-text-editor\" data-id=\"941d4d3\" data-element_type=\"widget\" data-e-type=\"widget\" data-widget_type=\"text-editor.default\">\n\t\t\t\t<div class=\"elementor-widget-container\">\n\t\t\t\t\t\t\t\t\t<p>Dans le m\u00eame b\u00e2timent que The Hague Conference Centre, \u00e0 c\u00f4t\u00e9 de la gare centrale de La Haye, Gardens Business Centre New Babylon offre sur plus de 2 500 m\u00b2 des espaces de travail flexibles et des bureaux avec services complets jusqu&rsquo;\u00e0 200 m\u00b2.<\/p>\t\t\t\t\t\t\t\t<\/div>\n\t\t\t\t<\/div>\n\t\t\t\t<div class=\"elementor-element elementor-element-c22666b elementor-widget elementor-widget-spacer\" data-id=\"c22666b\" data-element_type=\"widget\" data-e-type=\"widget\" data-widget_type=\"spacer.default\">\n\t\t\t\t<div class=\"elementor-widget-container\">\n\t\t\t\t\t\t\t<div class=\"elementor-spacer\">\n\t\t\t<div class=\"elementor-spacer-inner\"><\/div>\n\t\t<\/div>\n\t\t\t\t\t\t<\/div>\n\t\t\t\t<\/div>\n\t\t\t\t<div class=\"elementor-element elementor-element-1024f3d elementor-widget elementor-widget-button\" data-id=\"1024f3d\" data-element_type=\"widget\" data-e-type=\"widget\" data-widget_type=\"button.default\">\n\t\t\t\t<div class=\"elementor-widget-container\">\n\t\t\t\t\t\t\t\t\t<div class=\"elementor-button-wrapper\">\n\t\t\t\t\t<a class=\"elementor-button elementor-button-link elementor-size-sm\" href=\"https:\/\/gardensbusinesscentres.nl\/den-haag-new-babylon\/\" target=\"_blank\" rel=\"noopener\">\n\t\t\t\t\t\t<span class=\"elementor-button-content-wrapper\">\n\t\t\t\t\t\t\t\t\t<span class=\"elementor-button-text\">Plus d'informations<\/span>\n\t\t\t\t\t<\/span>\n\t\t\t\t\t<\/a>\n\t\t\t\t<\/div>\n\t\t\t\t\t\t\t\t<\/div>\n\t\t\t\t<\/div>\n\t\t\t\t<\/div>\n\t\t\t\t\t<\/div>\n\t\t\t\t<\/div>\n\t\t<div class=\"elementor-element elementor-element-383b6e3 e-flex e-con-boxed e-con e-parent\" data-id=\"383b6e3\" data-element_type=\"container\" data-e-type=\"container\">\n\t\t\t\t\t<div class=\"e-con-inner\">\n\t\t<div class=\"elementor-element elementor-element-93f396c e-con-full e-flex e-con e-child\" data-id=\"93f396c\" data-element_type=\"container\" data-e-type=\"container\">\n\t\t\t\t<div class=\"elementor-element elementor-element-0223dca elementor-widget elementor-widget-spacer\" data-id=\"0223dca\" data-element_type=\"widget\" data-e-type=\"widget\" data-widget_type=\"spacer.default\">\n\t\t\t\t<div class=\"elementor-widget-container\">\n\t\t\t\t\t\t\t<div class=\"elementor-spacer\">\n\t\t\t<div class=\"elementor-spacer-inner\"><\/div>\n\t\t<\/div>\n\t\t\t\t\t\t<\/div>\n\t\t\t\t<\/div>\n\t\t\t\t<div class=\"elementor-element elementor-element-d2aa82f elementor-widget elementor-widget-heading\" data-id=\"d2aa82f\" data-element_type=\"widget\" data-e-type=\"widget\" data-widget_type=\"heading.default\">\n\t\t\t\t<div class=\"elementor-widget-container\">\n\t\t\t\t\t<h3 class=\"elementor-heading-title elementor-size-default\">Gardens Business Centre Oudlaen<\/h3>\t\t\t\t<\/div>\n\t\t\t\t<\/div>\n\t\t\t\t<div class=\"elementor-element elementor-element-c645030 elementor-widget elementor-widget-text-editor\" data-id=\"c645030\" data-element_type=\"widget\" data-e-type=\"widget\" data-widget_type=\"text-editor.default\">\n\t\t\t\t<div class=\"elementor-widget-container\">\n\t\t\t\t\t\t\t\t\t<p>En bordure du centre-ville d&rsquo;Utrecht, Gardens Business Centre Oudlaen propose toutes les installations n\u00e9cessaires pour des r\u00e9unions, formations ou s\u00e9minaires contemporains avec une quinzaine de salles \u00e9l\u00e9gamment am\u00e9nag\u00e9es et son propre restaurant. Dans le m\u00eame b\u00e2timent que The Hague Conference Centre, \u00e0 c\u00f4t\u00e9 de la gare centrale de La Haye, Gardens Business Centre New Babylon offre sur plus de 2 500 m\u00b2 des espaces de travail flexibles et des bureaux avec services complets jusqu&rsquo;\u00e0 200 m\u00b2. <\/p>\t\t\t\t\t\t\t\t<\/div>\n\t\t\t\t<\/div>\n\t\t\t\t<div class=\"elementor-element elementor-element-d67dd7e elementor-widget elementor-widget-spacer\" data-id=\"d67dd7e\" data-element_type=\"widget\" data-e-type=\"widget\" data-widget_type=\"spacer.default\">\n\t\t\t\t<div class=\"elementor-widget-container\">\n\t\t\t\t\t\t\t<div class=\"elementor-spacer\">\n\t\t\t<div class=\"elementor-spacer-inner\"><\/div>\n\t\t<\/div>\n\t\t\t\t\t\t<\/div>\n\t\t\t\t<\/div>\n\t\t\t\t<div class=\"elementor-element elementor-element-9fa49d1 elementor-widget elementor-widget-button\" data-id=\"9fa49d1\" data-element_type=\"widget\" data-e-type=\"widget\" data-widget_type=\"button.default\">\n\t\t\t\t<div class=\"elementor-widget-container\">\n\t\t\t\t\t\t\t\t\t<div class=\"elementor-button-wrapper\">\n\t\t\t\t\t<a class=\"elementor-button elementor-button-link elementor-size-sm\" href=\"https:\/\/gardensbusinesscentres.nl\/utrecht\/\" target=\"_blank\" rel=\"noopener\">\n\t\t\t\t\t\t<span class=\"elementor-button-content-wrapper\">\n\t\t\t\t\t\t\t\t\t<span class=\"elementor-button-text\">Plus d'informations<\/span>\n\t\t\t\t\t<\/span>\n\t\t\t\t\t<\/a>\n\t\t\t\t<\/div>\n\t\t\t\t\t\t\t\t<\/div>\n\t\t\t\t<\/div>\n\t\t\t\t<\/div>\n\t\t<div class=\"elementor-element elementor-element-9d41338 e-con-full e-flex e-con e-child\" data-id=\"9d41338\" data-element_type=\"container\" data-e-type=\"container\">\n\t\t\t\t<div class=\"elementor-element elementor-element-2feed9c elementor-widget elementor-widget-spacer\" data-id=\"2feed9c\" data-element_type=\"widget\" data-e-type=\"widget\" data-widget_type=\"spacer.default\">\n\t\t\t\t<div class=\"elementor-widget-container\">\n\t\t\t\t\t\t\t<div class=\"elementor-spacer\">\n\t\t\t<div class=\"elementor-spacer-inner\"><\/div>\n\t\t<\/div>\n\t\t\t\t\t\t<\/div>\n\t\t\t\t<\/div>\n\t\t\t\t<div class=\"elementor-element elementor-element-6039ecc elementor-widget elementor-widget-heading\" data-id=\"6039ecc\" data-element_type=\"widget\" data-e-type=\"widget\" data-widget_type=\"heading.default\">\n\t\t\t\t<div class=\"elementor-widget-container\">\n\t\t\t\t\t<h3 class=\"elementor-heading-title elementor-size-default\">Gardens Business Centre Rijnzathe<\/h3>\t\t\t\t<\/div>\n\t\t\t\t<\/div>\n\t\t\t\t<div class=\"elementor-element elementor-element-f50a641 elementor-widget elementor-widget-text-editor\" data-id=\"f50a641\" data-element_type=\"widget\" data-e-type=\"widget\" data-widget_type=\"text-editor.default\">\n\t\t\t\t<div class=\"elementor-widget-container\">\n\t\t\t\t\t\t\t\t\t<p>Au c\u0153ur du carrefour A2  A12, Gardens Business Centre Rijnzathe propose sur plus de 1 600 m\u00b2 des espaces de travail flexibles et des bureaux individuels jusqu&rsquo;\u00e0 250 m\u00b2 avec services complets dans un environnement professionnel moderne. Nous souhaitons cr\u00e9er une atmosph\u00e8re de travail agr\u00e9able o\u00f9 les gens se sentent \u00e0 l&rsquo;aise. Une approche chaleureuse et personnelle est donc au c\u0153ur de Gardens Business Centre Rijnzathe.  <\/p>\t\t\t\t\t\t\t\t<\/div>\n\t\t\t\t<\/div>\n\t\t\t\t<div class=\"elementor-element elementor-element-a8c2147 elementor-widget elementor-widget-button\" data-id=\"a8c2147\" data-element_type=\"widget\" data-e-type=\"widget\" data-widget_type=\"button.default\">\n\t\t\t\t<div class=\"elementor-widget-container\">\n\t\t\t\t\t\t\t\t\t<div class=\"elementor-button-wrapper\">\n\t\t\t\t\t<a class=\"elementor-button elementor-button-link elementor-size-sm\" href=\"https:\/\/gardensbusinesscentres.nl\/\" target=\"_blank\" rel=\"noopener\">\n\t\t\t\t\t\t<span class=\"elementor-button-content-wrapper\">\n\t\t\t\t\t\t\t\t\t<span class=\"elementor-button-text\">Plus d'informations<\/span>\n\t\t\t\t\t<\/span>\n\t\t\t\t\t<\/a>\n\t\t\t\t<\/div>\n\t\t\t\t\t\t\t\t<\/div>\n\t\t\t\t<\/div>\n\t\t\t\t<\/div>\n\t\t\t\t\t<\/div>\n\t\t\t\t<\/div>\n\t\t<div class=\"elementor-element elementor-element-d4c3e54 e-flex e-con-boxed e-con e-parent\" data-id=\"d4c3e54\" data-element_type=\"container\" data-e-type=\"container\">\n\t\t\t\t\t<div class=\"e-con-inner\">\n\t\t<div class=\"elementor-element elementor-element-9cfa920 e-con-full e-flex e-con e-child\" data-id=\"9cfa920\" data-element_type=\"container\" data-e-type=\"container\">\n\t\t\t\t<div class=\"elementor-element elementor-element-75d0530 elementor-widget elementor-widget-spacer\" data-id=\"75d0530\" data-element_type=\"widget\" data-e-type=\"widget\" data-widget_type=\"spacer.default\">\n\t\t\t\t<div class=\"elementor-widget-container\">\n\t\t\t\t\t\t\t<div class=\"elementor-spacer\">\n\t\t\t<div class=\"elementor-spacer-inner\"><\/div>\n\t\t<\/div>\n\t\t\t\t\t\t<\/div>\n\t\t\t\t<\/div>\n\t\t\t\t<div class=\"elementor-element elementor-element-cb63acb elementor-widget elementor-widget-heading\" data-id=\"cb63acb\" data-element_type=\"widget\" data-e-type=\"widget\" data-widget_type=\"heading.default\">\n\t\t\t\t<div class=\"elementor-widget-container\">\n\t\t\t\t\t<h2 class=\"elementor-heading-title elementor-size-default\">Pr\u00e9sentation de l'\u00e9quipe de direction de PW Offices<\/h2>\t\t\t\t<\/div>\n\t\t\t\t<\/div>\n\t\t\t\t<div class=\"elementor-element elementor-element-00e3cd4 elementor-widget elementor-widget-text-editor\" data-id=\"00e3cd4\" data-element_type=\"widget\" data-e-type=\"widget\" data-widget_type=\"text-editor.default\">\n\t\t\t\t<div class=\"elementor-widget-container\">\n\t\t\t\t\t\t\t\t\t<p>L&rsquo;\u00e9quipe de direction de PW Offices est compos\u00e9e des repr\u00e9sentants suivants de l&rsquo;\u00e9quipe de direction de Property Works :<\/p>\t\t\t\t\t\t\t\t<\/div>\n\t\t\t\t<\/div>\n\t\t\t\t<\/div>\n\t\t\t\t\t<\/div>\n\t\t\t\t<\/div>\n\t\t<div class=\"elementor-element elementor-element-fadd2ea e-con-full e-flex e-con e-parent\" data-id=\"fadd2ea\" data-element_type=\"container\" data-e-type=\"container\">\n\t\t<div data-dce-background-image-url=\"https:\/\/tica.nl\/wp-content\/uploads\/2025\/08\/TICA-Directie-team_Thomas-van-der-Zee.png.webp\" class=\"elementor-element elementor-element-b4d8972 e-con-full e-flex elementor-invisible e-con e-child\" data-id=\"b4d8972\" data-element_type=\"container\" data-e-type=\"container\" data-settings=\"{&quot;animation&quot;:&quot;fadeIn&quot;,&quot;animation_delay&quot;:400,&quot;background_background&quot;:&quot;classic&quot;,&quot;animation_mobile&quot;:&quot;none&quot;}\">\n\t\t\t\t<\/div>\n\t\t<div class=\"elementor-element elementor-element-263782d e-flex e-con-boxed e-con e-child\" data-id=\"263782d\" data-element_type=\"container\" data-e-type=\"container\">\n\t\t\t\t\t<div class=\"e-con-inner\">\n\t\t<div class=\"elementor-element elementor-element-db4bd89 e-con-full e-flex elementor-invisible e-con e-child\" data-id=\"db4bd89\" data-element_type=\"container\" data-e-type=\"container\" data-settings=\"{&quot;animation&quot;:&quot;fadeInUp&quot;}\">\n\t\t\t\t<div class=\"elementor-element elementor-element-5c5e754 elementor-widget elementor-widget-heading\" data-id=\"5c5e754\" data-element_type=\"widget\" data-e-type=\"widget\" data-widget_type=\"heading.default\">\n\t\t\t\t<div class=\"elementor-widget-container\">\n\t\t\t\t\t<h3 class=\"elementor-heading-title elementor-size-default\">Thomas van der Zee | Directeur G\u00e9n\u00e9ral New Babylon<\/h3>\t\t\t\t<\/div>\n\t\t\t\t<\/div>\n\t\t\t\t<div class=\"elementor-element elementor-element-a59ae64 elementor-widget elementor-widget-text-editor\" data-id=\"a59ae64\" data-element_type=\"widget\" data-e-type=\"widget\" data-widget_type=\"text-editor.default\">\n\t\t\t\t<div class=\"elementor-widget-container\">\n\t\t\t\t\t\t\t\t\t<p>Apr\u00e8s l&rsquo;\u00c9cole H\u00f4teli\u00e8re de La Haye, Thomas a travaill\u00e9 pour divers h\u00f4tels de luxe \u00e0 l&rsquo;\u00e9tranger, notamment \u00e0 New York, Londres et Bruxelles. Ensuite, il a travaill\u00e9 \u00e0 partir de 2012 au d\u00e9partement commercial de la Beurs van Berlage \u00e0 Amsterdam, o\u00f9 il est devenu Directeur des Ventes en 2016. <\/p><p>En 2018, il est devenu Directeur Commercial de The Hague Conference Centre \u00e0 La Haye \u2013 l&rsquo;une des entreprises de PW Offices, avec pour mission de d\u00e9velopper l&rsquo;\u00e9quipe commerciale et d&rsquo;explorer de nouveaux march\u00e9s.<\/p><p>Depuis le 1er septembre, Thomas est devenu Directeur Commercial de la sous-holding PW Offices et se concentre, avec Adriaan Wagenaar et Robert Segers, sur la croissance et le d\u00e9veloppement de The Hague Conference Centre et des Gardens Business Centres.<\/p>\t\t\t\t\t\t\t\t<\/div>\n\t\t\t\t<\/div>\n\t\t\t\t<\/div>\n\t\t\t\t\t<\/div>\n\t\t\t\t<\/div>\n\t\t\t\t<\/div>\n\t\t<div data-dce-background-color=\"#F7F7F7\" class=\"elementor-element elementor-element-953abe5 e-flex e-con-boxed e-con e-parent\" data-id=\"953abe5\" data-element_type=\"container\" data-e-type=\"container\" data-settings=\"{&quot;background_background&quot;:&quot;classic&quot;}\">\n\t\t\t\t\t<div class=\"e-con-inner\">\n\t\t<div class=\"elementor-element elementor-element-e3006b0 e-con-full e-flex e-con e-child\" data-id=\"e3006b0\" data-element_type=\"container\" data-e-type=\"container\">\n\t\t\t\t<div class=\"elementor-element elementor-element-60bf4d1 elementor-widget__width-initial elementor-widget elementor-widget-text-editor\" data-id=\"60bf4d1\" data-element_type=\"widget\" data-e-type=\"widget\" data-widget_type=\"text-editor.default\">\n\t\t\t\t<div class=\"elementor-widget-container\">\n\t\t\t\t\t\t\t\t\t<div style=\"font-size: 12pt;\">Pour plus d&rsquo;informations sur le propri\u00e9taire de ce site web, les mentions l\u00e9gales et les informations de divulgation, consultez l&rsquo;impressum via le bouton.<\/div>\t\t\t\t\t\t\t\t<\/div>\n\t\t\t\t<\/div>\n\t\t\t\t<\/div>\n\t\t<div class=\"elementor-element elementor-element-fda7f51 e-con-full e-flex e-con e-child\" data-id=\"fda7f51\" data-element_type=\"container\" data-e-type=\"container\">\n\t\t\t\t<div class=\"elementor-element elementor-element-e549301 elementor-widget elementor-widget-button\" data-id=\"e549301\" data-element_type=\"widget\" data-e-type=\"widget\" data-widget_type=\"button.default\">\n\t\t\t\t<div class=\"elementor-widget-container\">\n\t\t\t\t\t\t\t\t\t<div class=\"elementor-button-wrapper\">\n\t\t\t\t\t<a class=\"elementor-button elementor-button-link elementor-size-sm\" href=\"https:\/\/tica.nl\/impressum-pw-markets\/\">\n\t\t\t\t\t\t<span class=\"elementor-button-content-wrapper\">\n\t\t\t\t\t\t\t\t\t<span class=\"elementor-button-text\">Voir l'impressum<\/span>\n\t\t\t\t\t<\/span>\n\t\t\t\t\t<\/a>\n\t\t\t\t<\/div>\n\t\t\t\t\t\t\t\t<\/div>\n\t\t\t\t<\/div>\n\t\t\t\t<\/div>\n\t\t\t\t\t<\/div>\n\t\t\t\t<\/div>\n\t\t\t\t<\/div>\n\t\t","protected":false},"excerpt":{"rendered":"<p>PW Offices PW Offices Des concepts remarquables de r\u00e9union, de congr\u00e8s et de bureaux dans la r\u00e9gion de la Randstad PW Offices propose des centres de r\u00e9union et de congr\u00e8s haut de gamme sur 3 sites aux Pays-Bas. Sur les sites de La Haye, De Meern et Utrecht, nous proposons, \u00e0 travers notre concept Gardens [&hellip;]<\/p>\n","protected":false},"author":2,"featured_media":14740,"parent":0,"menu_order":0,"comment_status":"closed","ping_status":"closed","template":"","meta":{"_acf_changed":false,"footnotes":""},"class_list":["post-14800","page","type-page","status-publish","has-post-thumbnail","hentry"],"acf":[],"_links":{"self":[{"href":"https:\/\/tica.nl\/fr\/wp-json\/wp\/v2\/pages\/14800","targetHints":{"allow":["GET"]}}],"collection":[{"href":"https:\/\/tica.nl\/fr\/wp-json\/wp\/v2\/pages"}],"about":[{"href":"https:\/\/tica.nl\/fr\/wp-json\/wp\/v2\/types\/page"}],"author":[{"embeddable":true,"href":"https:\/\/tica.nl\/fr\/wp-json\/wp\/v2\/users\/2"}],"replies":[{"embeddable":true,"href":"https:\/\/tica.nl\/fr\/wp-json\/wp\/v2\/comments?post=14800"}],"version-history":[{"count":0,"href":"https:\/\/tica.nl\/fr\/wp-json\/wp\/v2\/pages\/14800\/revisions"}],"wp:featuredmedia":[{"embeddable":true,"href":"https:\/\/tica.nl\/fr\/wp-json\/wp\/v2\/media\/14740"}],"wp:attachment":[{"href":"https:\/\/tica.nl\/fr\/wp-json\/wp\/v2\/media?parent=14800"}],"curies":[{"name":"wp","href":"https:\/\/api.w.org\/{rel}","templated":true}]}}